{"id":1180,"date":"2023-06-30T08:04:12","date_gmt":"2023-06-30T08:04:12","guid":{"rendered":"https:\/\/congresocarlosi2024.umh.es\/?page_id=1180"},"modified":"2023-06-30T09:36:32","modified_gmt":"2023-06-30T09:36:32","slug":"praesentation","status":"publish","type":"page","link":"https:\/\/congresocarlosi2024.umh.es\/de\/praesentation\/","title":{"rendered":"Pr\u00e4sentation"},"content":{"rendered":"<p>[et_pb_section fb_built=&#8220;1&#8243; fullwidth=&#8220;on&#8220; _builder_version=&#8220;4.17.4&#8243; _module_preset=&#8220;default&#8220; background_color=&#8220;#D6D6D6&#8243; locked=&#8220;off&#8220; global_colors_info=&#8220;{}&#8220;][et_pb_fullwidth_header title=&#8220;Pr\u00e4esentation&#8220; _builder_version=&#8220;4.17.4&#8243; _module_preset=&#8220;default&#8220; title_font=&#8220;Adamina||||||||&#8220; title_text_color=&#8220;#FFFFFF&#8220; title_font_size=&#8220;59px&#8220; background_color=&#8220;#651906&#8243; animation_style=&#8220;fade&#8220; title_font_size_tablet=&#8220;59px&#8220; title_font_size_phone=&#8220;40px&#8220; title_font_size_last_edited=&#8220;on|phone&#8220; title_text_shadow_style=&#8220;preset3&#8243; global_colors_info=&#8220;{}&#8220;][\/et_pb_fullwidth_header][\/et_pb_section][et_pb_section fb_built=&#8220;1&#8243; admin_label=&#8220;section&#8220; _builder_version=&#8220;4.17.4&#8243; background_color=&#8220;#D6D6D6&#8243; background_enable_image=&#8220;off&#8220; background_size=&#8220;contain&#8220; background_blend=&#8220;overlay&#8220; custom_margin=&#8220;||||false|false&#8220; custom_padding=&#8220;0px|||||&#8220; global_colors_info=&#8220;{}&#8220;][et_pb_row admin_label=&#8220;Fila&#8220; _builder_version=&#8220;4.16&#8243; background_size=&#8220;initial&#8220; background_position=&#8220;top_left&#8220; background_repeat=&#8220;repeat&#8220; global_colors_info=&#8220;{}&#8220;][et_pb_column type=&#8220;4_4&#8243; _builder_version=&#8220;4.16&#8243; custom_padding=&#8220;|||&#8220; global_colors_info=&#8220;{}&#8220; custom_padding__hover=&#8220;|||&#8220;][et_pb_text admin_label=&#8220;Texto&#8220; _builder_version=&#8220;4.17.4&#8243; text_font_size=&#8220;20&#8243; background_size=&#8220;initial&#8220; background_position=&#8220;top_left&#8220; background_repeat=&#8220;repeat&#8220; animation_style=&#8220;fade&#8220; use_border_color=&#8220;off&#8220; border_color=&#8220;#ffffff&#8220; border_style=&#8220;solid&#8220; saved_tabs=&#8220;all&#8220; inline_fonts=&#8220;Adamina&#8220; global_colors_info=&#8220;{}&#8220;]<\/p>\n<h4 style=\"text-align: justify\"><span style=\"font-family: Adamina;font-weight: normal;color: #000000;font-size: medium\"><img loading=\"lazy\" class=\"wp-image-895 alignleft size-thumbnail\" src=\"https:\/\/congresocarlosi2024.umh.es\/files\/2023\/06\/P1010519-1-150x150.jpg\" alt=\"\" width=\"150\" height=\"150\" \/>520 a\u00f1os distan desde aquel 24 de febrero de 1500 en el que Juana I de Castilla daba a luz en Gante al que ser\u00eda el promotor del Imperio donde no se pon\u00eda el Sol. La figura de este gran personaje, no s\u00f3lo de la historia de nuestro pa\u00eds sino de todo el mundo, en aqu\u00e9l momento conocido, es el eje del congreso que se celebrar\u00e1 los pr\u00f3ximos d\u00edas 11 a 16 de marzo de 2024 en Granada bajo la denominaci\u00f3n <em><strong style=\"text-align: center\">El emperador Carlos I (V). <\/strong><strong style=\"text-align: center\">La Monarqu\u00eda Hisp\u00e1nica y el Sacro Imperio Alem\u00e1n. Pol\u00edtica de poder din\u00e1stica entre crisis y cambios sociales<\/strong><\/em><b><i>. <\/i><\/b>Con esta iniciativa se busca conocer un poco m\u00e1s al responsable de una de las etapas de mayor prosperidad econ\u00f3mica de Espa\u00f1a, as\u00ed como \u00a0debatir y analizar los problemas sociales, pol\u00edticos y religiosos a los que se enfrent\u00f3, cu\u00e1les fueron las medidas adoptadas para acometer su ambicioso plan y qu\u00e9 pensamiento se asienta en todas ellas.<\/span><\/h4>\n<h4 style=\"text-align: justify\"><span style=\"color: #000000;font-family: Adamina;font-weight: normal;font-size: medium\">Para garantizar la participaci\u00f3n de todos los interesados en este foro se ha previsto que, en el marco de las mesas programadas, los asistentes puedan presentar comunicaciones con propuestas propias en torno a los temas de debate. Durante el encuentro se dar\u00e1 lectura a un breve resumen de las mismas, procedi\u00e9ndose, posteriormente, a la publicaci\u00f3n en la revista <em>S\u00e4chsischen Akademie der Wissenschaften zu Leizpig <\/em>de las seleccionadas por el comit\u00e9 organizador junto a las ponencias del encuentro.<\/span><\/h4>\n<h4 style=\"text-align: justify\"><span style=\"font-family: Adamina;font-weight: normal;color: #000000;font-size: medium\">Toda la informaci\u00f3n referente a estas Jornadas est\u00e1 disponible en la web. Asimismo, estamos a vuestra disposici\u00f3n en el correo electr\u00f3nico\u00a0<a style=\"color: #000000\" href=\"mailto:congresocarlosI2020@umh.es\">congresocarlosI2024@umh.es<\/a> \u00a0donde os resolveremos todas las dudas y atenderemos las sugerencias que consider\u00e9is oportuno hacernos llegar.<\/span><span style=\"font-family: Adamina;font-weight: normal;color: #000000;font-size: medium\"><br \/>\n<\/span><\/h4>\n<p>[\/et_pb_text][et_pb_toggle title=&#8220;Breve semblanza&#8220; open_toggle_text_color=&#8220;#FFFFFF&#8220; open_toggle_background_color=&#8220;#651906&#8243; closed_toggle_text_color=&#8220;#FFFFFF&#8220; closed_toggle_background_color=&#8220;rgba(101,25,6,0.95)&#8220; icon_color=&#8220;#FFFFFF&#8220; content_tablet=&#8220;&#8220; content_phone=&#8220;&#8220; content_last_edited=&#8220;on|phone&#8220; _builder_version=&#8220;4.17.4&#8243; _module_preset=&#8220;default&#8220; title_text_color=&#8220;#FFFFFF&#8220; title_font=&#8220;Adamina||||||||&#8220; title_text_align=&#8220;center&#8220; closed_title_font=&#8220;Adamina||||||||&#8220; closed_title_text_align=&#8220;center&#8220; body_font=&#8220;Adamina||||||||&#8220; body_text_align=&#8220;justify&#8220; body_text_color=&#8220;#FFFFFF&#8220; width=&#8220;%22300%22&#8243; height=&#8220;%22169%22&#8243; global_colors_info=&#8220;{}&#8220;]<\/p>\n<p style=\"text-align: justify\"><span style=\"color: #ffffff\">Carl<img loading=\"lazy\" class=\"wp-image-868 alignleft size-medium\" src=\"https:\/\/congresocarlosi2024.umh.es\/files\/2023\/05\/1010062-169x300.jpg\" alt=\"\" width=\"169\" height=\"300\" \/>os <\/span><span style=\"color: #ffffff\">de Habsburgo, espa\u00f1ol por parte de madre, borgo\u00f1\u00f3n por parte de padre, y alem\u00e1n por parte de su abuelo paterno el emperador Maximiliano, asume el trono de Espa\u00f1a con diecis\u00e9is a\u00f1os \u201cjuntamente con su madre\u201d, y es coronado emperador de Alemania con diecinueve.<\/span><\/p>\n<p style=\"text-align: justify\"><span style=\"color: #ffffff\">De su educaci\u00f3n, que transcurri\u00f3 en Flandes, se encargaron Margarita de Austria, su t\u00eda, y el cardenal Adriano de Utrech, quien en un futuro ser\u00eda el Papa Adriano VI. Tras la muerte de su abuelo Fernando II \u201cel cat\u00f3lico\u201d, llega a Espa\u00f1a, pa\u00eds que le es ajeno en idioma y costumbres. Carlos se encuentra con una potencia pol\u00edtica y econ\u00f3mica en Europa, sin perjuicio de la diversidad institucional y jur\u00eddica de sus territorios, en particular los de la Corona de Arag\u00f3n. Es decir, con una potencia unida din\u00e1sticamente pero no uniforme.<\/span><\/p>\n<p style=\"text-align: justify\"><span style=\"color: #ffffff\">El reconocimiento un\u00e1nime como emperador electo del\u00a0Sacro Imperio Romano Germ\u00e1nico llegar\u00eda despu\u00e9s de pocos a\u00f1os y muchos gastos, procedentes entre otros del reino de Castilla. En contra de su candidatura est\u00e1n los franceses, ingleses, venecianos y el papado. Los conflictos con Francia por el dominio de Italia as\u00ed como con los luteranos, obligaron a que la coronaci\u00f3n, que deb\u00eda ser triple seg\u00fan la tradici\u00f3n, tardase un poco m\u00e1s.\u00a0Carlos asume el trono con el mismo nombre y nominal V.\u00a0<\/span><\/p>\n<p style=\"text-align: justify\"><span style=\"color: #ffffff\">La monarqu\u00eda de Carlos de Habsburgo, compuesta por numerosos reinos, requer\u00eda de estructuras descentralizadoras que permitieran su gobernabilidad,\u00a0lo que da lugar a una organizaci\u00f3n polisinodial. A trav\u00e9s de\u00a0la f\u00f3rmula de gobernadores generales y, ya espec\u00edficamente para los territorios americanos, de virreyes (figura aragonesa), se logra\u00a0respetar los diferentes ordenamientos jur\u00eddico-p\u00fablicos vigentes, as\u00ed como atender los intereses particulares de las distintas posesiones que gobernaba. Pero las\u00a0largas ausencias del monarca requeridas por lo vasto de sus dominios, no fueron aceptadas por los s\u00fabditos, sino que, por el contrario, dieron lugar al fen\u00f3meno conocido como \u201cgerman\u00edas\u201d o \u201cde los comuneros\u201d en la pen\u00ednsula ib\u00e9rica y en Austria.<\/span><\/p>\n<p style=\"font-size: 14px;background-color: #651906\"><img loading=\"lazy\" class=\"wp-image-901 alignright size-thumbnail\" style=\"font-size: 14px;background-color: #651906\" src=\"https:\/\/congresocarlosi2024.umh.es\/files\/2023\/06\/Plus-Ultra-tiles-Alhambra-lg-150x150.jpg\" alt=\"\" width=\"150\" height=\"150\" \/><\/p>\n<p style=\"text-align: justify\"><span style=\"color: #ffffff\">La heterogeneidad del Imperio hizo que en el reinado de Carlos I confluyeran &#8222;unos objetivos propios aut\u00f3nomos de los particulares de cada reino&#8220;. En este sentido vemos c\u00f3mo, influido por el erasmismo en la primera etapa de su reinado, trat\u00f3 de hacer realidad el inicio de un imperio universal en el que el cristianismo actuar\u00eda como nexo de uni\u00f3n.<\/span><\/p>\n<p style=\"text-align: justify\"><span style=\"color: #ffffff\">Hombre conciliador, fue leal a sus ideales humanistas de paz y di\u00e1logo con los que trat\u00f3 de llevar a cabo su plan imperial. No obstante, despu\u00e9<\/span><span style=\"font-size: 14px\">s de muchos intentos frustrados de pacificaci\u00f3n, el proyecto quedar\u00eda abocado a la guerra. La constante amenaza de turcos y berberiscos en el Mediterr\u00e1neo <\/span><span style=\"font-size: 14px\">occidental, las guerras con Francia que segmenta sus dominios en Europa, los conflictos con moriscos y sarracenos, el movimiento de Lutero\u2026 son s\u00f3lo ejemplos de c\u00f3mo su vida discurri\u00f3 entre luchas que, si bien Carlos no dese\u00f3, tampoco pudo esquivar y que afront\u00f3 con mediocres recursos financieros que <\/span><span style=\"font-size: 14px\">compens\u00f3 con sus altas cualidades personales. Este acoso ser\u00e1 el que termine con las fuerzas de Carlos y le lleve a su decisi\u00f3n de abdicar.<\/span><\/p>\n<p style=\"text-align: justify\"><span style=\"color: #ffffff\">El fin de su reinado tiene lugar progresivamente y supone la escisi\u00f3n entre los dominios alemanes por una parte que cede a su hermano Fernando, y los espa\u00f1oles e italianos por otra en su hijo Felipe. Tras renunciar al poder, la edad y el cansancio hacen que Carlos se retire al monasterio jer\u00f3nimo de Yuste. All\u00ed fallece poco despu\u00e9s, el 21 de septiembre de 1558, no sin antes reconocer a su hijo \u201cJerom\u00edn\u201d, despu\u00e9s Don Juan de Austria, h\u00e9roe de la batal<\/span><span style=\"font-size: 14px\">la de Lepanto.<\/span><\/p>\n<p style=\"text-align: justify\"><span style=\"color: #ffffff\">Carlos I destaca por ser, en el paso de la Edad Media a la Edad Moderna, un personaje en muchos aspectos adelantado a su tiempo. Impulsor de la Uni\u00f3n de Europa, proyecto que llev\u00f3 a relegar a Am\u00e9rica como mera fuente de suministros, cont\u00f3 con la oposici\u00f3n de las monarqu\u00edas nacionales eme<\/span><span style=\"font-size: 14px\">rgentes, que ve\u00edan limitada con ella su capacidad de expa<\/span><span style=\"font-size: 14px\">nsi\u00f3n.<\/span><\/p>\n<p>&nbsp;<\/p>\n<p><span style=\"color: #ffffff\">Carlos aboga por una Europa en la que tengan cabida todas sus naciones, cada una con sus particularidades, en paz y armon\u00eda, y es precisamente eso lo que hace que su legado sea tan actual. No cabe duda de que Carlos I es una referencia indubitada de la Europa que tanto se cuestiona en estos momentos, este Congreso se presenta como una oportunidad para adentrarnos en las ra\u00edces de esa identidad com\u00fan.<\/span><span style=\"color: #000000;text-align: justify\">\u00a0<\/span><\/p>\n<p><span class=\"titulo\" style=\"color: #3366ff\">Serrano Daura, Josep, &#8222;Carlos I y la Corona de Arag\u00f3n&#8220;,<\/span><span style=\"color: #3366ff\">\u00a0<\/span><em style=\"color: #3366ff\"><a style=\"color: #3366ff\" href=\"https:\/\/dialnet.unirioja.es\/servlet\/revista?codigo=15532\">Revista de Dret Hist\u00f2ric Catal\u00e0<\/a><\/em><span style=\"color: #3366ff\">,\u00a0<\/span><acronym style=\"color: #3366ff\" title=\"International Standard Serial Number (Edici\u00f3n electr\u00f3nica)\">ISSN-e<\/acronym><span style=\"color: #3366ff\">\u00a01578-5300,\u00a0<\/span><a style=\"color: #3366ff\" href=\"https:\/\/dialnet.unirioja.es\/ejemplar\/519284\">N\u00ba. 17, 2018<\/a><span style=\"color: #3366ff\">,\u00a0<\/span><abbr style=\"color: #3366ff\" title=\"p\u00e1ginas\">p\u00e1gs.<\/abbr><span style=\"color: #3366ff\">\u00a0119-172.<\/span><\/p>\n<p><span style=\"color: #3366ff\">P\u00e9rez Samper,\u00a0Mar\u00eda \u00c1ngeles y Losada \u00c1lvarez, Juan Carlos, \u201cCarlos V contra el Papa\u201d, Revista <em>Historia y vida<\/em>,\u00a0ISSN\u00a00018-2354,\u00a0N\u00ba. 484, 2008,\u00a0p\u00e1gs.\u00a030-43.<\/span><\/p>\n<p><span style=\"color: #3366ff\"><img loading=\"lazy\" class=\"wp-image-876 aligncenter size-medium\" src=\"https:\/\/congresocarlosi2024.umh.es\/files\/2023\/05\/P1010052-300x169.jpg\" alt=\"\" width=\"300\" height=\"169\" \/><\/span><br \/>\n[\/et_pb_toggle][\/et_pb_column][\/et_pb_row][\/et_pb_section]<\/p>\n","protected":false},"excerpt":{"rendered":"<p>520 a\u00f1os distan desde aquel 24 de febrero de 1500 en el que Juana I de Castilla daba a luz en Gante al que ser\u00eda el promotor del Imperio donde no se pon\u00eda el Sol. La figura de este gran personaje, no s\u00f3lo de la historia de nuestro pa\u00eds sino de todo el mundo, en [&hellip;]<\/p>\n","protected":false},"author":23459,"featured_media":0,"parent":0,"menu_order":0,"comment_status":"closed","ping_status":"closed","template":"","meta":{"_et_pb_use_builder":"on","_et_pb_old_content":"<p>[et_pb_section fb_built=\"1\" fullwidth=\"on\" _builder_version=\"4.17.4\" _module_preset=\"default\" background_color=\"#D6D6D6\" locked=\"off\" global_colors_info=\"{}\"][et_pb_fullwidth_header title=\"Presentaci\u00f3n\" _builder_version=\"4.17.4\" _module_preset=\"default\" title_font=\"Adamina||||||||\" title_text_color=\"#FFFFFF\" title_font_size=\"59px\" background_color=\"#651906\" animation_style=\"fade\" title_font_size_tablet=\"59px\" title_font_size_phone=\"40px\" title_font_size_last_edited=\"on|phone\" title_text_shadow_style=\"preset3\" global_colors_info=\"{}\"][\/et_pb_fullwidth_header][\/et_pb_section][et_pb_section fb_built=\"1\" admin_label=\"section\" _builder_version=\"4.17.4\" background_color=\"#D6D6D6\" background_enable_image=\"off\" background_size=\"contain\" background_blend=\"overlay\" custom_margin=\"||||false|false\" custom_padding=\"0px|||||\" global_colors_info=\"{}\"][et_pb_row admin_label=\"Fila\" _builder_version=\"4.16\" background_size=\"initial\" background_position=\"top_left\" background_repeat=\"repeat\" global_colors_info=\"{}\"][et_pb_column type=\"4_4\" _builder_version=\"4.16\" custom_padding=\"|||\" global_colors_info=\"{}\" custom_padding__hover=\"|||\"][et_pb_text admin_label=\"Texto\" _builder_version=\"4.17.4\" text_font_size=\"20\" background_size=\"initial\" background_position=\"top_left\" background_repeat=\"repeat\" animation_style=\"fade\" use_border_color=\"off\" border_color=\"#ffffff\" border_style=\"solid\" saved_tabs=\"all\" inline_fonts=\"Adamina\" global_colors_info=\"{}\"]<\/p><h4 style=\"text-align: justify;\"><span style=\"font-family: Adamina; font-weight: normal; color: #000000; font-size: medium;\"><img class=\"wp-image-895 alignleft size-thumbnail\" src=\"https:\/\/congresocarlosi2024.umh.es\/files\/2023\/06\/P1010519-1-150x150.jpg\" alt=\"\" width=\"150\" height=\"150\" \/>520 a\u00f1os distan desde aquel 24 de febrero de 1500 en el que Juana I de Castilla daba a luz en Gante al que ser\u00eda el promotor del Imperio donde no se pon\u00eda el Sol. La figura de este gran personaje, no s\u00f3lo de la historia de nuestro pa\u00eds sino de todo el mundo, en aqu\u00e9l momento conocido, es el eje del congreso que se celebrar\u00e1 los pr\u00f3ximos d\u00edas 11 a 16 de marzo de 2024 en Granada bajo la denominaci\u00f3n <em><strong style=\"text-align: center;\">El emperador Carlos I (V). <\/strong><strong style=\"text-align: center;\">La Monarqu\u00eda Hisp\u00e1nica y el Sacro Imperio Alem\u00e1n. Pol\u00edtica de poder din\u00e1stica entre crisis y cambios sociales<\/strong><\/em><b><i>. <\/i><\/b>Con esta iniciativa se busca conocer un poco m\u00e1s al responsable de una de las etapas de mayor prosperidad econ\u00f3mica de Espa\u00f1a, as\u00ed como \u00a0debatir y analizar los problemas sociales, pol\u00edticos y religiosos a los que se enfrent\u00f3, cu\u00e1les fueron las medidas adoptadas para acometer su ambicioso plan y qu\u00e9 pensamiento se asienta en todas ellas.<\/span><\/h4><h4 style=\"text-align: justify;\"><span style=\"color: #000000; font-family: Adamina; font-weight: normal; font-size: medium;\">Para garantizar la participaci\u00f3n de todos los interesados en este foro se ha previsto que, en el marco de las mesas programadas, los asistentes puedan presentar comunicaciones con propuestas propias en torno a los temas de debate. Durante el encuentro se dar\u00e1 lectura a un breve resumen de las mismas, procedi\u00e9ndose, posteriormente, a la publicaci\u00f3n en la revista <em>S\u00e4chsischen Akademie der Wissenschaften zu Leizpig <\/em>de las seleccionadas por el comit\u00e9 organizador junto a las ponencias del encuentro.<\/span><\/h4><h4 style=\"text-align: justify;\"><span style=\"font-family: Adamina; font-weight: normal; color: #000000; font-size: medium;\">Toda la informaci\u00f3n referente a estas Jornadas est\u00e1 disponible en la web. Asimismo, estamos a vuestra disposici\u00f3n en el correo electr\u00f3nico\u00a0<a style=\"color: #000000;\" href=\"mailto:congresocarlosI2020@umh.es\">congresocarlosI2024@umh.es<\/a> \u00a0donde os resolveremos todas las dudas y atenderemos las sugerencias que consider\u00e9is oportuno hacernos llegar.<\/span><span style=\"font-family: Adamina; font-weight: normal; color: #000000; font-size: medium;\"><br \/><\/span><\/h4><p>[\/et_pb_text][et_pb_toggle title=\"Breve semblanza\" open_toggle_text_color=\"#FFFFFF\" open_toggle_background_color=\"#651906\" closed_toggle_text_color=\"#FFFFFF\" closed_toggle_background_color=\"rgba(101,25,6,0.95)\" icon_color=\"#FFFFFF\" content_tablet=\"\" content_phone=\"\" content_last_edited=\"on|phone\" _builder_version=\"4.17.4\" _module_preset=\"default\" title_text_color=\"#FFFFFF\" title_font=\"Adamina||||||||\" title_text_align=\"center\" closed_title_font=\"Adamina||||||||\" closed_title_text_align=\"center\" body_font=\"Adamina||||||||\" body_text_align=\"justify\" body_text_color=\"#FFFFFF\" width=\"%22300%22\" height=\"%22169%22\" global_colors_info=\"{}\"]<\/p><p style=\"text-align: justify;\"><span style=\"color: #ffffff;\">Carl<img class=\"wp-image-868 alignleft size-medium\" src=\"https:\/\/congresocarlosi2024.umh.es\/files\/2023\/05\/1010062-169x300.jpg\" alt=\"\" width=\"169\" height=\"300\" \/>os <\/span><span style=\"color: #ffffff;\">de Habsburgo, espa\u00f1ol por parte de madre, borgo\u00f1\u00f3n por parte de padre, y alem\u00e1n por parte de su abuelo paterno el emperador Maximiliano, asume el trono de Espa\u00f1a con diecis\u00e9is a\u00f1os \u201cjuntamente con su madre\u201d, y es coronado emperador de Alemania con diecinueve.<\/span><\/p><p style=\"text-align: justify;\"><span style=\"color: #ffffff;\">De su educaci\u00f3n, que transcurri\u00f3 en Flandes, se encargaron Margarita de Austria, su t\u00eda, y el cardenal Adriano de Utrech, quien en un futuro ser\u00eda el Papa Adriano VI. Tras la muerte de su abuelo Fernando II \u201cel cat\u00f3lico\u201d, llega a Espa\u00f1a, pa\u00eds que le es ajeno en idioma y costumbres. Carlos se encuentra con una potencia pol\u00edtica y econ\u00f3mica en Europa, sin perjuicio de la diversidad institucional y jur\u00eddica de sus territorios, en particular los de la Corona de Arag\u00f3n. Es decir, con una potencia unida din\u00e1sticamente pero no uniforme.<\/span><\/p><p style=\"text-align: justify;\"><span style=\"color: #ffffff;\">El reconocimiento un\u00e1nime como emperador electo del\u00a0Sacro Imperio Romano Germ\u00e1nico llegar\u00eda despu\u00e9s de pocos a\u00f1os y muchos gastos, procedentes entre otros del reino de Castilla. En contra de su candidatura est\u00e1n los franceses, ingleses, venecianos y el papado. Los conflictos con Francia por el dominio de Italia as\u00ed como con los luteranos, obligaron a que la coronaci\u00f3n, que deb\u00eda ser triple seg\u00fan la tradici\u00f3n, tardase un poco m\u00e1s.\u00a0Carlos asume el trono con el mismo nombre y nominal V.\u00a0<\/span><\/p><p style=\"text-align: justify;\"><span style=\"color: #ffffff;\">La monarqu\u00eda de Carlos de Habsburgo, compuesta por numerosos reinos, requer\u00eda de estructuras descentralizadoras que permitieran su gobernabilidad,\u00a0lo que da lugar a una organizaci\u00f3n polisinodial. A trav\u00e9s de\u00a0la f\u00f3rmula de gobernadores generales y, ya espec\u00edficamente para los territorios americanos, de virreyes (figura aragonesa), se logra\u00a0respetar los diferentes ordenamientos jur\u00eddico-p\u00fablicos vigentes, as\u00ed como atender los intereses particulares de las distintas posesiones que gobernaba. Pero las\u00a0largas ausencias del monarca requeridas por lo vasto de sus dominios, no fueron aceptadas por los s\u00fabditos, sino que, por el contrario, dieron lugar al fen\u00f3meno conocido como \u201cgerman\u00edas\u201d o \u201cde los comuneros\u201d en la pen\u00ednsula ib\u00e9rica y en Austria.<\/span><\/p><p style=\"font-size: 14px; background-color: #651906;\"><img class=\"wp-image-901 alignright size-thumbnail\" style=\"font-size: 14px; background-color: #651906;\" src=\"https:\/\/congresocarlosi2024.umh.es\/files\/2023\/06\/Plus-Ultra-tiles-Alhambra-lg-150x150.jpg\" alt=\"\" width=\"150\" height=\"150\" \/><\/p><p style=\"text-align: justify;\"><span style=\"color: #ffffff;\">La heterogeneidad del Imperio hizo que en el reinado de Carlos I confluyeran \"unos objetivos propios aut\u00f3nomos de los particulares de cada reino\". En este sentido vemos c\u00f3mo, influido por el erasmismo en la primera etapa de su reinado, trat\u00f3 de hacer realidad el inicio de un imperio universal en el que el cristianismo actuar\u00eda como nexo de uni\u00f3n.<\/span><\/p><p style=\"text-align: justify;\"><span style=\"color: #ffffff;\">Hombre conciliador, fue leal a sus ideales humanistas de paz y di\u00e1logo con los que trat\u00f3 de llevar a cabo su plan imperial. No obstante, despu\u00e9<\/span><span style=\"font-size: 14px;\">s de muchos intentos frustrados de pacificaci\u00f3n, el proyecto quedar\u00eda abocado a la guerra. La constante amenaza de turcos y berberiscos en el Mediterr\u00e1neo <\/span><span style=\"font-size: 14px;\">occidental, las guerras con Francia que segmenta sus dominios en Europa, los conflictos con moriscos y sarracenos, el movimiento de Lutero\u2026 son s\u00f3lo ejemplos de c\u00f3mo su vida discurri\u00f3 entre luchas que, si bien Carlos no dese\u00f3, tampoco pudo esquivar y que afront\u00f3 con mediocres recursos financieros que <\/span><span style=\"font-size: 14px;\">compens\u00f3 con sus altas cualidades personales. Este acoso ser\u00e1 el que termine con las fuerzas de Carlos y le lleve a su decisi\u00f3n de abdicar.<\/span><\/p><p style=\"text-align: justify;\"><span style=\"color: #ffffff;\">El fin de su reinado tiene lugar progresivamente y supone la escisi\u00f3n entre los dominios alemanes por una parte que cede a su hermano Fernando, y los espa\u00f1oles e italianos por otra en su hijo Felipe. Tras renunciar al poder, la edad y el cansancio hacen que Carlos se retire al monasterio jer\u00f3nimo de Yuste. All\u00ed fallece poco despu\u00e9s, el 21 de septiembre de 1558, no sin antes reconocer a su hijo \u201cJerom\u00edn\u201d, despu\u00e9s Don Juan de Austria, h\u00e9roe de la batal<\/span><span style=\"font-size: 14px;\">la de Lepanto.<\/span><\/p><p style=\"text-align: justify;\"><span style=\"color: #ffffff;\">Carlos I destaca por ser, en el paso de la Edad Media a la Edad Moderna, un personaje en muchos aspectos adelantado a su tiempo. Impulsor de la Uni\u00f3n de Europa, proyecto que llev\u00f3 a relegar a Am\u00e9rica como mera fuente de suministros, cont\u00f3 con la oposici\u00f3n de las monarqu\u00edas nacionales eme<\/span><span style=\"font-size: 14px;\">rgentes, que ve\u00edan limitada con ella su capacidad de expa<\/span><span style=\"font-size: 14px;\">nsi\u00f3n.<\/span><\/p><p>\u00a0<\/p><p><span style=\"color: #ffffff;\">Carlos aboga por una Europa en la que tengan cabida todas sus naciones, cada una con sus particularidades, en paz y armon\u00eda, y es precisamente eso lo que hace que su legado sea tan actual. No cabe duda de que Carlos I es una referencia indubitada de la Europa que tanto se cuestiona en estos momentos, este Congreso se presenta como una oportunidad para adentrarnos en las ra\u00edces de esa identidad com\u00fan.<\/span><span style=\"color: #000000; text-align: justify;\">\u00a0<\/span><\/p><p><span class=\"titulo\" style=\"color: #3366ff;\">Serrano Daura, Josep, \"Carlos I y la Corona de Arag\u00f3n\",<\/span><span style=\"color: #3366ff;\">\u00a0<\/span><em style=\"color: #3366ff;\"><a style=\"color: #3366ff;\" href=\"https:\/\/dialnet.unirioja.es\/servlet\/revista?codigo=15532\">Revista de Dret Hist\u00f2ric Catal\u00e0<\/a><\/em><span style=\"color: #3366ff;\">,\u00a0<\/span><acronym style=\"color: #3366ff;\" title=\"International Standard Serial Number (Edici\u00f3n electr\u00f3nica)\">ISSN-e<\/acronym><span style=\"color: #3366ff;\">\u00a01578-5300,\u00a0<\/span><a style=\"color: #3366ff;\" href=\"https:\/\/dialnet.unirioja.es\/ejemplar\/519284\">N\u00ba. 17, 2018<\/a><span style=\"color: #3366ff;\">,\u00a0<\/span><abbr style=\"color: #3366ff;\" title=\"p\u00e1ginas\">p\u00e1gs.<\/abbr><span style=\"color: #3366ff;\">\u00a0119-172.<\/span><\/p><p><span style=\"color: #3366ff;\">P\u00e9rez Samper,\u00a0Mar\u00eda \u00c1ngeles y Losada \u00c1lvarez, Juan Carlos, \u201cCarlos V contra el Papa\u201d, Revista <em>Historia y vida<\/em>,\u00a0ISSN\u00a00018-2354,\u00a0N\u00ba. 484, 2008,\u00a0p\u00e1gs.\u00a030-43.<\/span><\/p><p><span style=\"color: #3366ff;\"><img class=\"wp-image-876 aligncenter size-medium\" src=\"https:\/\/congresocarlosi2024.umh.es\/files\/2023\/05\/P1010052-300x169.jpg\" alt=\"\" width=\"300\" height=\"169\" \/><\/span><br \/>[\/et_pb_toggle][\/et_pb_column][\/et_pb_row][\/et_pb_section]<\/p>","_et_gb_content_width":"","ngg_post_thumbnail":0,"_links_to":"","_links_to_target":""},"_links":{"self":[{"href":"https:\/\/congresocarlosi2024.umh.es\/de\/wp-json\/wp\/v2\/pages\/1180"}],"collection":[{"href":"https:\/\/congresocarlosi2024.umh.es\/de\/wp-json\/wp\/v2\/pages"}],"about":[{"href":"https:\/\/congresocarlosi2024.umh.es\/de\/wp-json\/wp\/v2\/types\/page"}],"author":[{"embeddable":true,"href":"https:\/\/congresocarlosi2024.umh.es\/de\/wp-json\/wp\/v2\/users\/23459"}],"replies":[{"embeddable":true,"href":"https:\/\/congresocarlosi2024.umh.es\/de\/wp-json\/wp\/v2\/comments?post=1180"}],"version-history":[{"count":0,"href":"https:\/\/congresocarlosi2024.umh.es\/de\/wp-json\/wp\/v2\/pages\/1180\/revisions"}],"wp:attachment":[{"href":"https:\/\/congresocarlosi2024.umh.es\/de\/wp-json\/wp\/v2\/media?parent=1180"}],"curies":[{"name":"wp","href":"https:\/\/api.w.org\/{rel}","templated":true}]}}